{"id":670,"date":"2019-02-19T18:29:29","date_gmt":"2019-02-19T17:29:29","guid":{"rendered":"https:\/\/www.ira-nantes.gouv.fr\/?page_id=670"},"modified":"2019-02-19T18:29:29","modified_gmt":"2019-02-19T17:29:29","slug":"restauration-et-hebergement","status":"publish","type":"page","link":"https:\/\/www.ira-nantes.gouv.fr\/index.php\/restauration-et-hebergement\/","title":{"rendered":"Restauration et h\u00e9bergement"},"content":{"rendered":"<p>[et_pb_section fb_built=\u00a0\u00bb1&Prime; _builder_version=\u00a0\u00bb4.16&Prime; module_alignment=\u00a0\u00bbleft\u00a0\u00bb custom_padding=\u00a0\u00bb0|0px|0|0px|false|false\u00a0\u00bb global_colors_info=\u00a0\u00bb{}\u00a0\u00bb][et_pb_row column_structure=\u00a0\u00bb1_3,1_3,1_3&Prime; _builder_version=\u00a0\u00bb4.25.0&Prime; width=\u00a0\u00bb85%\u00a0\u00bb max_width=\u00a0\u00bb85%\u00a0\u00bb custom_margin=\u00a0\u00bb|||150px|false|false\u00a0\u00bb custom_padding=\u00a0\u00bb0px|0px|0|0|false|false\u00a0\u00bb hover_enabled=\u00a0\u00bb0&Prime; use_custom_width=\u00a0\u00bbon\u00a0\u00bb width_unit=\u00a0\u00bboff\u00a0\u00bb custom_width_percent=\u00a0\u00bb85%\u00a0\u00bb global_colors_info=\u00a0\u00bb{}\u00a0\u00bb custom_margin_last_edited=\u00a0\u00bbon|desktop\u00a0\u00bb sticky_enabled=\u00a0\u00bb0&Prime; custom_margin_tablet=\u00a0\u00bb|||0px|false|false\u00a0\u00bb custom_margin_phone=\u00a0\u00bb|||0px|false|false\u00a0\u00bb][et_pb_column type=\u00a0\u00bb1_3&Prime; _builder_version=\u00a0\u00bb4.16&Prime; custom_padding=\u00a0\u00bb|||\u00a0\u00bb global_colors_info=\u00a0\u00bb{}\u00a0\u00bb custom_padding__hover=\u00a0\u00bb|||\u00a0\u00bb][et_pb_text _builder_version=\u00a0\u00bb4.16&Prime; text_font=\u00a0\u00bb|800|||||||\u00a0\u00bb text_text_color=\u00a0\u00bb#ff9f00&Prime; text_font_size=\u00a0\u00bb1.57em\u00a0\u00bb global_colors_info=\u00a0\u00bb{}\u00a0\u00bb]<\/p>\n<p><span style=\"color: rgba(0, 0, 0, 0.61);\">Restauration<\/span><\/p>\n<p>[\/et_pb_text][et_pb_text _builder_version=\u00a0\u00bb4.16&Prime; text_font=\u00a0\u00bb||||||||\u00a0\u00bb text_font_size=\u00a0\u00bb1em\u00a0\u00bb header_font=\u00a0\u00bb||||||||\u00a0\u00bb header_font_size=\u00a0\u00bb1em\u00a0\u00bb header_4_font=\u00a0\u00bb||||||||\u00a0\u00bb header_4_font_size=\u00a0\u00bb1.57em\u00a0\u00bb global_colors_info=\u00a0\u00bb{}\u00a0\u00bb]<\/p>\n<h4><strong><span style=\"font-weight: 900; color: #ff9f00;\">Bar-Brasserie \u00ab\u00a0Le Campus\u00a0\u00bb<\/span><\/strong><\/h4>\n<p>10, rue du Fresche Blanc<br \/> T\u00e9l. 02 51 86 25 44<\/p>\n<p>[\/et_pb_text][et_pb_text _builder_version=\u00a0\u00bb4.16&Prime; text_font=\u00a0\u00bb||||||||\u00a0\u00bb text_font_size=\u00a0\u00bb1em\u00a0\u00bb header_font=\u00a0\u00bb||||||||\u00a0\u00bb header_font_size=\u00a0\u00bb1em\u00a0\u00bb header_4_font=\u00a0\u00bb||||||||\u00a0\u00bb header_4_font_size=\u00a0\u00bb1.57em\u00a0\u00bb global_colors_info=\u00a0\u00bb{}\u00a0\u00bb]<\/p>\n<h4><strong><span style=\"color: #ff9f00; font-weight: 900;\">Brasserie \u00ab\u00a0La Belle Equipe\u00a0\u00bb<\/span><\/strong><\/h4>\n<p>10, quai de la Joneli\u00e8re<br \/> T\u00e9l. 02 40 74 30 00<\/p>\n<p>[\/et_pb_text][\/et_pb_column][et_pb_column type=\u00a0\u00bb1_3&Prime; _builder_version=\u00a0\u00bb4.16&Prime; custom_padding=\u00a0\u00bb|||\u00a0\u00bb global_colors_info=\u00a0\u00bb{}\u00a0\u00bb custom_padding__hover=\u00a0\u00bb|||\u00a0\u00bb][et_pb_divider show_divider=\u00a0\u00bboff\u00a0\u00bb _builder_version=\u00a0\u00bb4.16&Prime; global_colors_info=\u00a0\u00bb{}\u00a0\u00bb][\/et_pb_divider][et_pb_divider show_divider=\u00a0\u00bboff\u00a0\u00bb _builder_version=\u00a0\u00bb4.16&Prime; global_colors_info=\u00a0\u00bb{}\u00a0\u00bb][\/et_pb_divider][et_pb_divider show_divider=\u00a0\u00bboff\u00a0\u00bb _builder_version=\u00a0\u00bb4.16&Prime; global_colors_info=\u00a0\u00bb{}\u00a0\u00bb][\/et_pb_divider][et_pb_text _builder_version=\u00a0\u00bb4.16&Prime; text_font=\u00a0\u00bb||||||||\u00a0\u00bb text_font_size=\u00a0\u00bb1em\u00a0\u00bb header_font=\u00a0\u00bb||||||||\u00a0\u00bb header_font_size=\u00a0\u00bb1em\u00a0\u00bb header_4_font=\u00a0\u00bb||||||||\u00a0\u00bb header_4_font_size=\u00a0\u00bb1.57em\u00a0\u00bb global_colors_info=\u00a0\u00bb{}\u00a0\u00bb]<\/p>\n<h4><strong><span style=\"color: #ff9f00; font-weight: 900;\">Bar-Brasserie \u00ab\u00a0Les Facult\u00e9s\u00a0\u00bb<\/span><\/strong><\/h4>\n<p>2, rue du Fresche Blanc<br \/> T\u00e9l. 02 40 74 28 00<\/p>\n<p>[\/et_pb_text][et_pb_text _builder_version=\u00a0\u00bb4.16&Prime; text_font=\u00a0\u00bb||||||||\u00a0\u00bb text_font_size=\u00a0\u00bb1em\u00a0\u00bb header_font=\u00a0\u00bb||||||||\u00a0\u00bb header_font_size=\u00a0\u00bb1em\u00a0\u00bb header_4_font=\u00a0\u00bb||||||||\u00a0\u00bb header_4_font_size=\u00a0\u00bb1.57em\u00a0\u00bb global_colors_info=\u00a0\u00bb{}\u00a0\u00bb][\/et_pb_text][et_pb_divider show_divider=\u00a0\u00bboff\u00a0\u00bb _builder_version=\u00a0\u00bb4.16&Prime; global_colors_info=\u00a0\u00bb{}\u00a0\u00bb][\/et_pb_divider][et_pb_sidebar area=\u00a0\u00bbsidebar-1&Prime; _builder_version=\u00a0\u00bb4.16&Prime; global_colors_info=\u00a0\u00bb{}\u00a0\u00bb][\/et_pb_sidebar][\/et_pb_column][et_pb_column type=\u00a0\u00bb1_3&Prime; _builder_version=\u00a0\u00bb4.16&Prime; custom_padding=\u00a0\u00bb|||\u00a0\u00bb global_colors_info=\u00a0\u00bb{}\u00a0\u00bb custom_padding__hover=\u00a0\u00bb|||\u00a0\u00bb][et_pb_text _builder_version=\u00a0\u00bb4.16&Prime; text_font=\u00a0\u00bb|800|||||||\u00a0\u00bb text_text_color=\u00a0\u00bb#ff9f00&Prime; text_font_size=\u00a0\u00bb1.57em\u00a0\u00bb global_colors_info=\u00a0\u00bb{}\u00a0\u00bb]<\/p>\n<p>R\u00e9servation en ligne<\/p>\n<p>[\/et_pb_text][et_pb_text _builder_version=\u00a0\u00bb4.16&Prime; text_font=\u00a0\u00bb|800|||||||\u00a0\u00bb text_font_size=\u00a0\u00bb1.57em\u00a0\u00bb global_colors_info=\u00a0\u00bb{}\u00a0\u00bb]<\/p>\n<p><span style=\"color: #808080;\">H\u00e9bergement<\/span><\/p>\n<p>[\/et_pb_text][et_pb_text _builder_version=\u00a0\u00bb4.16&Prime; text_font=\u00a0\u00bb||||||||\u00a0\u00bb text_font_size=\u00a0\u00bb1em\u00a0\u00bb header_font=\u00a0\u00bb||||||||\u00a0\u00bb global_colors_info=\u00a0\u00bb{}\u00a0\u00bb]<\/p>\n<p>Vous pouvez r\u00e9server votre h\u00e9bergement par le biais du site de <a class=\"shover\" target=\"blank\" href=\"http:\/\/www.nantes-tourisme.com\/10696185\/0\/fiche___pagelibre\/\" rel=\"noopener noreferrer\"><span style=\"text-decoration: underline;\">l&rsquo;office de tourisme<\/span><\/a> de Nantes<\/p>\n<p>[\/et_pb_text][et_pb_cta title=\u00a0\u00bbListe de quelques h\u00f4tels\u00a0\u00bb button_text=\u00a0\u00bbClick Here\u00a0\u00bb _builder_version=\u00a0\u00bb4.16&Prime; header_font=\u00a0\u00bb|800|||||||\u00a0\u00bb body_font=\u00a0\u00bb|600|||||||\u00a0\u00bb background_color=\u00a0\u00bb#009dcf\u00a0\u00bb text_orientation=\u00a0\u00bbleft\u00a0\u00bb global_colors_info=\u00a0\u00bb{}\u00a0\u00bb]<\/p>\n<p>Cette liste, non exhaustive, vous permettra de trouver un h\u00f4tel soit dans le centre de Nantes, non loin de la ligne de tramway, soit pr\u00e8s de l&rsquo;institut, mais moins bien desservi par le tramway.<\/p>\n<p><a style=\"border-color: transparent; background-color: #13357a;\" class=\"et_pb_button et_pb_custom_button_icon et_pb_bg_layout_dark\" target=\"blank\" href=\"https:\/\/www.ira-nantes.gouv.fr\/wp-content\/uploads\/2019\/05\/Copie-de-H\u00f4tels-2022-Distance.pdf\" rel=\"noopener noreferrer\">Consulter <img decoding=\"async\" src=\"https:\/\/www.ira-nantes.gouv.fr\/wp-content\/uploads\/2019\/05\/IRA_consulter_white.png\" style=\"width: 35px; vertical-align: -32%;\" \/><\/a><\/p>\n<p>[\/et_pb_cta][\/et_pb_column][\/et_pb_row][et_pb_row column_structure=\u00a0\u00bb1_2,1_2&Prime; _builder_version=\u00a0\u00bb4.25.0&Prime; width=\u00a0\u00bb85%\u00a0\u00bb max_width=\u00a0\u00bb85%\u00a0\u00bb custom_margin=\u00a0\u00bb|||150px|false|false\u00a0\u00bb custom_padding=\u00a0\u00bb0px|0px|0px|0|false|false\u00a0\u00bb hover_enabled=\u00a0\u00bb0&Prime; use_custom_width=\u00a0\u00bbon\u00a0\u00bb width_unit=\u00a0\u00bboff\u00a0\u00bb custom_width_percent=\u00a0\u00bb85%\u00a0\u00bb global_colors_info=\u00a0\u00bb{}\u00a0\u00bb custom_margin_last_edited=\u00a0\u00bbon|desktop\u00a0\u00bb sticky_enabled=\u00a0\u00bb0&Prime; custom_margin_tablet=\u00a0\u00bb|||0px|false|false\u00a0\u00bb custom_margin_phone=\u00a0\u00bb|||0px|false|false\u00a0\u00bb][et_pb_column type=\u00a0\u00bb1_2&Prime; _builder_version=\u00a0\u00bb4.16&Prime; custom_padding=\u00a0\u00bb|||\u00a0\u00bb global_colors_info=\u00a0\u00bb{}\u00a0\u00bb custom_padding__hover=\u00a0\u00bb|||\u00a0\u00bb][et_pb_divider color=\u00a0\u00bb#E3E6EB\u00a0\u00bb divider_weight=\u00a0\u00bb2px\u00a0\u00bb _builder_version=\u00a0\u00bb4.16&Prime; global_colors_info=\u00a0\u00bb{}\u00a0\u00bb][\/et_pb_divider][\/et_pb_column][et_pb_column type=\u00a0\u00bb1_2&Prime; _builder_version=\u00a0\u00bb4.16&Prime; custom_padding=\u00a0\u00bb|||\u00a0\u00bb global_colors_info=\u00a0\u00bb{}\u00a0\u00bb custom_padding__hover=\u00a0\u00bb|||\u00a0\u00bb][et_pb_sidebar area=\u00a0\u00bbsidebar-1&Prime; _builder_version=\u00a0\u00bb4.16&Prime; global_colors_info=\u00a0\u00bb{}\u00a0\u00bb][\/et_pb_sidebar][\/et_pb_column][\/et_pb_row][\/et_pb_section]<\/p>\n","protected":false},"excerpt":{"rendered":"<p>RestaurationBar-Brasserie \u00ab\u00a0Le Campus\u00a0\u00bb 10, rue du Fresche Blanc T\u00e9l. 02 51 86 25 44Brasserie \u00ab\u00a0La Belle Equipe\u00a0\u00bb 10, quai de la Joneli\u00e8re T\u00e9l. 02 40 74 30 00Bar-Brasserie \u00ab\u00a0Les Facult\u00e9s\u00a0\u00bb 2, rue du Fresche Blanc T\u00e9l. 02 40 74 28 00R\u00e9servation en ligneH\u00e9bergementVous pouvez r\u00e9server votre h\u00e9bergement par le biais du site de l&rsquo;office de [&hellip;]<\/p>\n","protected":false},"author":1,"featured_media":0,"parent":0,"menu_order":0,"comment_status":"closed","ping_status":"closed","template":"","meta":{"_et_pb_use_builder":"on","_et_pb_old_content":"","_et_gb_content_width":"","footnotes":""},"class_list":["post-670","page","type-page","status-publish","hentry"],"_links":{"self":[{"href":"https:\/\/www.ira-nantes.gouv.fr\/index.php\/wp-json\/wp\/v2\/pages\/670","targetHints":{"allow":["GET"]}}],"collection":[{"href":"https:\/\/www.ira-nantes.gouv.fr\/index.php\/wp-json\/wp\/v2\/pages"}],"about":[{"href":"https:\/\/www.ira-nantes.gouv.fr\/index.php\/wp-json\/wp\/v2\/types\/page"}],"author":[{"embeddable":true,"href":"https:\/\/www.ira-nantes.gouv.fr\/index.php\/wp-json\/wp\/v2\/users\/1"}],"replies":[{"embeddable":true,"href":"https:\/\/www.ira-nantes.gouv.fr\/index.php\/wp-json\/wp\/v2\/comments?post=670"}],"version-history":[{"count":0,"href":"https:\/\/www.ira-nantes.gouv.fr\/index.php\/wp-json\/wp\/v2\/pages\/670\/revisions"}],"wp:attachment":[{"href":"https:\/\/www.ira-nantes.gouv.fr\/index.php\/wp-json\/wp\/v2\/media?parent=670"}],"curies":[{"name":"wp","href":"https:\/\/api.w.org\/{rel}","templated":true}]}}