{"id":11219,"date":"2025-02-08T08:37:13","date_gmt":"2025-02-08T07:37:13","guid":{"rendered":"https:\/\/www.ira-nantes.gouv.fr\/?page_id=11219"},"modified":"2025-03-05T16:35:21","modified_gmt":"2025-03-05T15:35:21","slug":"devenir-cadre-de-letat","status":"publish","type":"page","link":"https:\/\/www.ira-nantes.gouv.fr\/index.php\/devenir-cadre-de-letat\/","title":{"rendered":"Devenir cadre de l&rsquo;Etat"},"content":{"rendered":"<p>[et_pb_section fb_built=\u00a0\u00bb1&Prime; _builder_version=\u00a0\u00bb4.27.4&Prime; _module_preset=\u00a0\u00bbdefault\u00a0\u00bb global_colors_info=\u00a0\u00bb{}\u00a0\u00bb][et_pb_row _builder_version=\u00a0\u00bb4.27.4&Prime; _module_preset=\u00a0\u00bbdefault\u00a0\u00bb global_colors_info=\u00a0\u00bb{}\u00a0\u00bb][et_pb_column type=\u00a0\u00bb4_4&Prime; _builder_version=\u00a0\u00bb4.27.4&Prime; _module_preset=\u00a0\u00bbdefault\u00a0\u00bb global_colors_info=\u00a0\u00bb{}\u00a0\u00bb][et_pb_text _builder_version=\u00a0\u00bb4.27.4&Prime; _module_preset=\u00a0\u00bbdefault\u00a0\u00bb global_colors_info=\u00a0\u00bb{}\u00a0\u00bb]<\/p>\n<h1><strong>Devenir attach\u00e9 d\u2019administration de l\u2019Etat\u00a0? On vous explique tout\u00a0!<\/strong><\/h1>\n<p>[\/et_pb_text][et_pb_slider show_content_on_mobile=\u00a0\u00bboff\u00a0\u00bb show_cta_on_mobile=\u00a0\u00bboff\u00a0\u00bb use_bg_overlay=\u00a0\u00bbon\u00a0\u00bb disabled_on=\u00a0\u00bbon|on|off\u00a0\u00bb _builder_version=\u00a0\u00bb4.27.4&Prime; _module_preset=\u00a0\u00bbdefault\u00a0\u00bb background_size=\u00a0\u00bbcontain\u00a0\u00bb background_last_edited=\u00a0\u00bbon|desktop\u00a0\u00bb custom_css_free_form=\u00a0\u00bb.et_pb_slide_description {||    display: none !important;||}||\u00a0\u00bb box_shadow_style_image=\u00a0\u00bbpreset1&Prime; global_colors_info=\u00a0\u00bb{}\u00a0\u00bb][et_pb_slide heading=\u00a0\u00bbun\u00a0\u00bb use_bg_overlay=\u00a0\u00bbon\u00a0\u00bb content_tablet=\u00a0\u00bb\u00a0\u00bb content_phone=\u00a0\u00bb\u00a0\u00bb content_last_edited=\u00a0\u00bbon|phone\u00a0\u00bb _builder_version=\u00a0\u00bb4.27.4&Prime; _module_preset=\u00a0\u00bbdefault\u00a0\u00bb background_enable_color=\u00a0\u00bboff\u00a0\u00bb background_image=\u00a0\u00bbhttps:\/\/www.ira-nantes.gouv.fr\/wp-content\/uploads\/2025\/02\/dia01.png\u00a0\u00bb background_enable_image=\u00a0\u00bbon\u00a0\u00bb background_size=\u00a0\u00bbcontain\u00a0\u00bb background_color_phone=\u00a0\u00bbRGBA(255,255,255,0)\u00a0\u00bb background_last_edited=\u00a0\u00bbon|desktop\u00a0\u00bb background_enable_color_phone=\u00a0\u00bbon\u00a0\u00bb background_image_phone=\u00a0\u00bbhttps:\/\/www.ira-nantes.gouv.fr\/wp-content\/uploads\/2025\/02\/dia01.png\u00a0\u00bb background_enable_image_phone=\u00a0\u00bbon\u00a0\u00bb parallax_phone=\u00a0\u00bboff\u00a0\u00bb background_size_phone=\u00a0\u00bbcontain\u00a0\u00bb overflow-x_tablet=\u00a0\u00bb\u00a0\u00bb overflow-x_phone=\u00a0\u00bbvisible\u00a0\u00bb overflow-x_last_edited=\u00a0\u00bbon|phone\u00a0\u00bb overflow-y_tablet=\u00a0\u00bb\u00a0\u00bb overflow-y_phone=\u00a0\u00bbvisible\u00a0\u00bb overflow-y_last_edited=\u00a0\u00bbon|phone\u00a0\u00bb border_width_all_image=\u00a0\u00bb100px\u00a0\u00bb global_colors_info=\u00a0\u00bb{}\u00a0\u00bb sticky_transition=\u00a0\u00bbon\u00a0\u00bb][\/et_pb_slide][et_pb_slide heading=\u00a0\u00bbdeux\u00a0\u00bb use_bg_overlay=\u00a0\u00bbon\u00a0\u00bb _builder_version=\u00a0\u00bb4.27.4&Prime; _module_preset=\u00a0\u00bbdefault\u00a0\u00bb background_enable_color=\u00a0\u00bboff\u00a0\u00bb background_image=\u00a0\u00bbhttps:\/\/www.ira-nantes.gouv.fr\/wp-content\/uploads\/2025\/02\/dia2.png\u00a0\u00bb background_enable_image=\u00a0\u00bbon\u00a0\u00bb background_size=\u00a0\u00bbcontain\u00a0\u00bb background_last_edited=\u00a0\u00bbon|phone\u00a0\u00bb parallax_phone=\u00a0\u00bboff\u00a0\u00bb background_size_phone=\u00a0\u00bbcontain\u00a0\u00bb border_width_all_image=\u00a0\u00bb100px\u00a0\u00bb global_colors_info=\u00a0\u00bb{}\u00a0\u00bb sticky_transition=\u00a0\u00bbon\u00a0\u00bb][\/et_pb_slide][et_pb_slide heading=\u00a0\u00bbtrois\u00a0\u00bb use_bg_overlay=\u00a0\u00bbon\u00a0\u00bb _builder_version=\u00a0\u00bb4.27.4&Prime; _module_preset=\u00a0\u00bbdefault\u00a0\u00bb background_enable_color=\u00a0\u00bboff\u00a0\u00bb background_image=\u00a0\u00bbhttps:\/\/www.ira-nantes.gouv.fr\/wp-content\/uploads\/2025\/02\/dia3.png\u00a0\u00bb background_enable_image=\u00a0\u00bbon\u00a0\u00bb background_size=\u00a0\u00bbcontain\u00a0\u00bb background_last_edited=\u00a0\u00bbon|phone\u00a0\u00bb parallax_phone=\u00a0\u00bboff\u00a0\u00bb background_size_phone=\u00a0\u00bbcontain\u00a0\u00bb border_width_all_image=\u00a0\u00bb100px\u00a0\u00bb global_colors_info=\u00a0\u00bb{}\u00a0\u00bb sticky_transition=\u00a0\u00bbon\u00a0\u00bb][\/et_pb_slide][et_pb_slide heading=\u00a0\u00bbquatre\u00a0\u00bb use_bg_overlay=\u00a0\u00bbon\u00a0\u00bb _builder_version=\u00a0\u00bb4.27.4&Prime; _module_preset=\u00a0\u00bbdefault\u00a0\u00bb background_enable_color=\u00a0\u00bboff\u00a0\u00bb background_image=\u00a0\u00bbhttps:\/\/www.ira-nantes.gouv.fr\/wp-content\/uploads\/2025\/02\/quatre-modif.png\u00a0\u00bb background_enable_image=\u00a0\u00bbon\u00a0\u00bb background_size=\u00a0\u00bbcontain\u00a0\u00bb background_last_edited=\u00a0\u00bbon|phone\u00a0\u00bb parallax_phone=\u00a0\u00bboff\u00a0\u00bb background_size_phone=\u00a0\u00bbcontain\u00a0\u00bb border_width_all_image=\u00a0\u00bb100px\u00a0\u00bb global_colors_info=\u00a0\u00bb{}\u00a0\u00bb sticky_transition=\u00a0\u00bbon\u00a0\u00bb][\/et_pb_slide][et_pb_slide heading=\u00a0\u00bbcinq\u00a0\u00bb use_bg_overlay=\u00a0\u00bbon\u00a0\u00bb _builder_version=\u00a0\u00bb4.27.4&Prime; _module_preset=\u00a0\u00bbdefault\u00a0\u00bb background_enable_color=\u00a0\u00bboff\u00a0\u00bb background_image=\u00a0\u00bbhttps:\/\/www.ira-nantes.gouv.fr\/wp-content\/uploads\/2025\/02\/dia5.png\u00a0\u00bb background_enable_image=\u00a0\u00bbon\u00a0\u00bb background_size=\u00a0\u00bbcontain\u00a0\u00bb background_last_edited=\u00a0\u00bbon|phone\u00a0\u00bb parallax_phone=\u00a0\u00bboff\u00a0\u00bb background_size_phone=\u00a0\u00bbcontain\u00a0\u00bb border_width_all_image=\u00a0\u00bb100px\u00a0\u00bb global_colors_info=\u00a0\u00bb{}\u00a0\u00bb sticky_transition=\u00a0\u00bbon\u00a0\u00bb][\/et_pb_slide][et_pb_slide heading=\u00a0\u00bbsix\u00a0\u00bb use_bg_overlay=\u00a0\u00bbon\u00a0\u00bb _builder_version=\u00a0\u00bb4.27.4&Prime; _module_preset=\u00a0\u00bbdefault\u00a0\u00bb background_enable_color=\u00a0\u00bboff\u00a0\u00bb background_image=\u00a0\u00bbhttps:\/\/www.ira-nantes.gouv.fr\/wp-content\/uploads\/2025\/02\/dia6-modif.png\u00a0\u00bb background_enable_image=\u00a0\u00bbon\u00a0\u00bb background_size=\u00a0\u00bbcontain\u00a0\u00bb background_last_edited=\u00a0\u00bbon|phone\u00a0\u00bb parallax_phone=\u00a0\u00bboff\u00a0\u00bb background_size_phone=\u00a0\u00bbcontain\u00a0\u00bb border_width_all_image=\u00a0\u00bb100px\u00a0\u00bb global_colors_info=\u00a0\u00bb{}\u00a0\u00bb sticky_transition=\u00a0\u00bbon\u00a0\u00bb][\/et_pb_slide][et_pb_slide heading=\u00a0\u00bbsept\u00a0\u00bb use_bg_overlay=\u00a0\u00bbon\u00a0\u00bb _builder_version=\u00a0\u00bb4.27.4&Prime; _module_preset=\u00a0\u00bbdefault\u00a0\u00bb background_enable_color=\u00a0\u00bboff\u00a0\u00bb background_image=\u00a0\u00bbhttps:\/\/www.ira-nantes.gouv.fr\/wp-content\/uploads\/2025\/02\/dia7.png\u00a0\u00bb background_enable_image=\u00a0\u00bbon\u00a0\u00bb background_size=\u00a0\u00bbcontain\u00a0\u00bb background_last_edited=\u00a0\u00bbon|phone\u00a0\u00bb parallax_phone=\u00a0\u00bboff\u00a0\u00bb background_size_phone=\u00a0\u00bbcontain\u00a0\u00bb border_width_all_image=\u00a0\u00bb100px\u00a0\u00bb global_colors_info=\u00a0\u00bb{}\u00a0\u00bb sticky_transition=\u00a0\u00bbon\u00a0\u00bb][\/et_pb_slide][et_pb_slide heading=\u00a0\u00bbhuit\u00a0\u00bb use_bg_overlay=\u00a0\u00bbon\u00a0\u00bb _builder_version=\u00a0\u00bb4.27.4&Prime; _module_preset=\u00a0\u00bbdefault\u00a0\u00bb background_enable_color=\u00a0\u00bboff\u00a0\u00bb background_image=\u00a0\u00bbhttps:\/\/www.ira-nantes.gouv.fr\/wp-content\/uploads\/2025\/02\/dia8.png\u00a0\u00bb background_enable_image=\u00a0\u00bbon\u00a0\u00bb background_size=\u00a0\u00bbcontain\u00a0\u00bb background_last_edited=\u00a0\u00bbon|phone\u00a0\u00bb parallax_phone=\u00a0\u00bboff\u00a0\u00bb background_size_phone=\u00a0\u00bbcontain\u00a0\u00bb border_width_all_image=\u00a0\u00bb100px\u00a0\u00bb global_colors_info=\u00a0\u00bb{}\u00a0\u00bb sticky_transition=\u00a0\u00bbon\u00a0\u00bb][\/et_pb_slide][et_pb_slide heading=\u00a0\u00bbneuf\u00a0\u00bb use_bg_overlay=\u00a0\u00bbon\u00a0\u00bb _builder_version=\u00a0\u00bb4.27.4&Prime; _module_preset=\u00a0\u00bbdefault\u00a0\u00bb background_enable_color=\u00a0\u00bboff\u00a0\u00bb background_image=\u00a0\u00bbhttps:\/\/www.ira-nantes.gouv.fr\/wp-content\/uploads\/2025\/02\/dia9.png\u00a0\u00bb background_enable_image=\u00a0\u00bbon\u00a0\u00bb background_size=\u00a0\u00bbcontain\u00a0\u00bb background_last_edited=\u00a0\u00bbon|phone\u00a0\u00bb parallax_phone=\u00a0\u00bboff\u00a0\u00bb background_size_phone=\u00a0\u00bbcontain\u00a0\u00bb border_width_all_image=\u00a0\u00bb100px\u00a0\u00bb global_colors_info=\u00a0\u00bb{}\u00a0\u00bb sticky_transition=\u00a0\u00bbon\u00a0\u00bb][\/et_pb_slide][et_pb_slide heading=\u00a0\u00bbdix\u00a0\u00bb use_bg_overlay=\u00a0\u00bbon\u00a0\u00bb _builder_version=\u00a0\u00bb4.27.4&Prime; _module_preset=\u00a0\u00bbdefault\u00a0\u00bb background_enable_color=\u00a0\u00bboff\u00a0\u00bb background_image=\u00a0\u00bbhttps:\/\/www.ira-nantes.gouv.fr\/wp-content\/uploads\/2025\/02\/dia10.png\u00a0\u00bb background_enable_image=\u00a0\u00bbon\u00a0\u00bb background_size=\u00a0\u00bbcontain\u00a0\u00bb background_last_edited=\u00a0\u00bbon|phone\u00a0\u00bb parallax_phone=\u00a0\u00bboff\u00a0\u00bb background_size_phone=\u00a0\u00bbcontain\u00a0\u00bb border_width_all_image=\u00a0\u00bb100px\u00a0\u00bb global_colors_info=\u00a0\u00bb{}\u00a0\u00bb sticky_transition=\u00a0\u00bbon\u00a0\u00bb][\/et_pb_slide][et_pb_slide heading=\u00a0\u00bbonze\u00a0\u00bb use_bg_overlay=\u00a0\u00bbon\u00a0\u00bb _builder_version=\u00a0\u00bb4.27.4&Prime; _module_preset=\u00a0\u00bbdefault\u00a0\u00bb background_enable_color=\u00a0\u00bboff\u00a0\u00bb background_image=\u00a0\u00bbhttps:\/\/www.ira-nantes.gouv.fr\/wp-content\/uploads\/2025\/02\/dia11.png\u00a0\u00bb background_enable_image=\u00a0\u00bbon\u00a0\u00bb background_size=\u00a0\u00bbcontain\u00a0\u00bb background_last_edited=\u00a0\u00bbon|phone\u00a0\u00bb parallax_phone=\u00a0\u00bboff\u00a0\u00bb background_size_phone=\u00a0\u00bbcontain\u00a0\u00bb border_width_all_image=\u00a0\u00bb100px\u00a0\u00bb global_colors_info=\u00a0\u00bb{}\u00a0\u00bb sticky_transition=\u00a0\u00bbon\u00a0\u00bb][\/et_pb_slide][et_pb_slide heading=\u00a0\u00bbdouze\u00a0\u00bb use_bg_overlay=\u00a0\u00bbon\u00a0\u00bb _builder_version=\u00a0\u00bb4.27.4&Prime; _module_preset=\u00a0\u00bbdefault\u00a0\u00bb background_enable_color=\u00a0\u00bboff\u00a0\u00bb background_image=\u00a0\u00bbhttps:\/\/www.ira-nantes.gouv.fr\/wp-content\/uploads\/2025\/02\/dia12.png\u00a0\u00bb background_enable_image=\u00a0\u00bbon\u00a0\u00bb background_size=\u00a0\u00bbcontain\u00a0\u00bb background_last_edited=\u00a0\u00bbon|phone\u00a0\u00bb parallax_phone=\u00a0\u00bboff\u00a0\u00bb background_size_phone=\u00a0\u00bbcontain\u00a0\u00bb border_width_all_image=\u00a0\u00bb100px\u00a0\u00bb global_colors_info=\u00a0\u00bb{}\u00a0\u00bb sticky_transition=\u00a0\u00bbon\u00a0\u00bb][\/et_pb_slide][et_pb_slide heading=\u00a0\u00bbtreize\u00a0\u00bb use_bg_overlay=\u00a0\u00bbon\u00a0\u00bb _builder_version=\u00a0\u00bb4.27.4&Prime; _module_preset=\u00a0\u00bbdefault\u00a0\u00bb background_enable_color=\u00a0\u00bboff\u00a0\u00bb background_image=\u00a0\u00bbhttps:\/\/www.ira-nantes.gouv.fr\/wp-content\/uploads\/2025\/02\/dia13.png\u00a0\u00bb background_enable_image=\u00a0\u00bbon\u00a0\u00bb background_size=\u00a0\u00bbcontain\u00a0\u00bb background_last_edited=\u00a0\u00bbon|phone\u00a0\u00bb parallax_phone=\u00a0\u00bboff\u00a0\u00bb background_size_phone=\u00a0\u00bbcontain\u00a0\u00bb border_width_all_image=\u00a0\u00bb100px\u00a0\u00bb global_colors_info=\u00a0\u00bb{}\u00a0\u00bb sticky_transition=\u00a0\u00bbon\u00a0\u00bb][\/et_pb_slide][et_pb_slide heading=\u00a0\u00bbquatorze\u00a0\u00bb use_bg_overlay=\u00a0\u00bbon\u00a0\u00bb _builder_version=\u00a0\u00bb4.27.4&Prime; _module_preset=\u00a0\u00bbdefault\u00a0\u00bb background_enable_color=\u00a0\u00bboff\u00a0\u00bb background_image=\u00a0\u00bbhttps:\/\/www.ira-nantes.gouv.fr\/wp-content\/uploads\/2025\/02\/dia14.png\u00a0\u00bb background_enable_image=\u00a0\u00bbon\u00a0\u00bb background_size=\u00a0\u00bbcontain\u00a0\u00bb background_last_edited=\u00a0\u00bbon|phone\u00a0\u00bb parallax_phone=\u00a0\u00bboff\u00a0\u00bb background_size_phone=\u00a0\u00bbcontain\u00a0\u00bb border_width_all_image=\u00a0\u00bb100px\u00a0\u00bb global_colors_info=\u00a0\u00bb{}\u00a0\u00bb sticky_transition=\u00a0\u00bbon\u00a0\u00bb][\/et_pb_slide][et_pb_slide heading=\u00a0\u00bbquinze\u00a0\u00bb use_bg_overlay=\u00a0\u00bbon\u00a0\u00bb _builder_version=\u00a0\u00bb4.27.4&Prime; _module_preset=\u00a0\u00bbdefault\u00a0\u00bb background_enable_color=\u00a0\u00bboff\u00a0\u00bb background_image=\u00a0\u00bbhttps:\/\/www.ira-nantes.gouv.fr\/wp-content\/uploads\/2025\/02\/dia15.png\u00a0\u00bb background_enable_image=\u00a0\u00bbon\u00a0\u00bb background_size=\u00a0\u00bbcontain\u00a0\u00bb background_last_edited=\u00a0\u00bbon|phone\u00a0\u00bb parallax_phone=\u00a0\u00bboff\u00a0\u00bb background_size_phone=\u00a0\u00bbcontain\u00a0\u00bb border_width_all_image=\u00a0\u00bb100px\u00a0\u00bb global_colors_info=\u00a0\u00bb{}\u00a0\u00bb sticky_transition=\u00a0\u00bbon\u00a0\u00bb][\/et_pb_slide][et_pb_slide heading=\u00a0\u00bbseize\u00a0\u00bb use_bg_overlay=\u00a0\u00bbon\u00a0\u00bb _builder_version=\u00a0\u00bb4.27.4&Prime; _module_preset=\u00a0\u00bbdefault\u00a0\u00bb background_enable_color=\u00a0\u00bboff\u00a0\u00bb background_image=\u00a0\u00bbhttps:\/\/www.ira-nantes.gouv.fr\/wp-content\/uploads\/2025\/02\/dia16.png\u00a0\u00bb background_enable_image=\u00a0\u00bbon\u00a0\u00bb background_size=\u00a0\u00bbcontain\u00a0\u00bb background_last_edited=\u00a0\u00bbon|phone\u00a0\u00bb parallax_phone=\u00a0\u00bboff\u00a0\u00bb background_size_phone=\u00a0\u00bbcontain\u00a0\u00bb border_width_all_image=\u00a0\u00bb100px\u00a0\u00bb global_colors_info=\u00a0\u00bb{}\u00a0\u00bb sticky_transition=\u00a0\u00bbon\u00a0\u00bb][\/et_pb_slide][et_pb_slide heading=\u00a0\u00bbdixsept\u00a0\u00bb use_bg_overlay=\u00a0\u00bbon\u00a0\u00bb _builder_version=\u00a0\u00bb4.27.4&Prime; _module_preset=\u00a0\u00bbdefault\u00a0\u00bb background_enable_color=\u00a0\u00bboff\u00a0\u00bb background_image=\u00a0\u00bbhttps:\/\/www.ira-nantes.gouv.fr\/wp-content\/uploads\/2025\/02\/dia17.png\u00a0\u00bb background_enable_image=\u00a0\u00bbon\u00a0\u00bb background_size=\u00a0\u00bbcontain\u00a0\u00bb background_last_edited=\u00a0\u00bbon|phone\u00a0\u00bb parallax_phone=\u00a0\u00bboff\u00a0\u00bb background_size_phone=\u00a0\u00bbcontain\u00a0\u00bb border_width_all_image=\u00a0\u00bb100px\u00a0\u00bb global_colors_info=\u00a0\u00bb{}\u00a0\u00bb sticky_transition=\u00a0\u00bbon\u00a0\u00bb][\/et_pb_slide][et_pb_slide heading=\u00a0\u00bbdixhuit\u00a0\u00bb use_bg_overlay=\u00a0\u00bbon\u00a0\u00bb _builder_version=\u00a0\u00bb4.27.4&Prime; _module_preset=\u00a0\u00bbdefault\u00a0\u00bb background_enable_color=\u00a0\u00bboff\u00a0\u00bb background_image=\u00a0\u00bbhttps:\/\/www.ira-nantes.gouv.fr\/wp-content\/uploads\/2025\/02\/dia18.png\u00a0\u00bb background_enable_image=\u00a0\u00bbon\u00a0\u00bb background_size=\u00a0\u00bbcontain\u00a0\u00bb background_last_edited=\u00a0\u00bbon|phone\u00a0\u00bb parallax_phone=\u00a0\u00bboff\u00a0\u00bb background_size_phone=\u00a0\u00bbcontain\u00a0\u00bb border_width_all_image=\u00a0\u00bb100px\u00a0\u00bb global_colors_info=\u00a0\u00bb{}\u00a0\u00bb sticky_transition=\u00a0\u00bbon\u00a0\u00bb][\/et_pb_slide][et_pb_slide heading=\u00a0\u00bbdixneuf\u00a0\u00bb use_bg_overlay=\u00a0\u00bbon\u00a0\u00bb _builder_version=\u00a0\u00bb4.27.4&Prime; _module_preset=\u00a0\u00bbdefault\u00a0\u00bb background_enable_color=\u00a0\u00bboff\u00a0\u00bb background_image=\u00a0\u00bbhttps:\/\/www.ira-nantes.gouv.fr\/wp-content\/uploads\/2025\/02\/dia19.png\u00a0\u00bb background_enable_image=\u00a0\u00bbon\u00a0\u00bb background_size=\u00a0\u00bbcontain\u00a0\u00bb background_last_edited=\u00a0\u00bbon|phone\u00a0\u00bb parallax_phone=\u00a0\u00bboff\u00a0\u00bb background_size_phone=\u00a0\u00bbcontain\u00a0\u00bb border_width_all_image=\u00a0\u00bb100px\u00a0\u00bb global_colors_info=\u00a0\u00bb{}\u00a0\u00bb sticky_transition=\u00a0\u00bbon\u00a0\u00bb][\/et_pb_slide][et_pb_slide heading=\u00a0\u00bbvingt\u00a0\u00bb use_bg_overlay=\u00a0\u00bbon\u00a0\u00bb _builder_version=\u00a0\u00bb4.27.4&Prime; _module_preset=\u00a0\u00bbdefault\u00a0\u00bb background_enable_color=\u00a0\u00bboff\u00a0\u00bb background_image=\u00a0\u00bbhttps:\/\/www.ira-nantes.gouv.fr\/wp-content\/uploads\/2025\/02\/dia20.png\u00a0\u00bb background_enable_image=\u00a0\u00bbon\u00a0\u00bb background_size=\u00a0\u00bbcontain\u00a0\u00bb background_last_edited=\u00a0\u00bbon|phone\u00a0\u00bb parallax_phone=\u00a0\u00bboff\u00a0\u00bb background_size_phone=\u00a0\u00bbcontain\u00a0\u00bb border_width_all_image=\u00a0\u00bb100px\u00a0\u00bb global_colors_info=\u00a0\u00bb{}\u00a0\u00bb sticky_transition=\u00a0\u00bbon\u00a0\u00bb][\/et_pb_slide][et_pb_slide heading=\u00a0\u00bbvingtetun\u00a0\u00bb use_bg_overlay=\u00a0\u00bbon\u00a0\u00bb _builder_version=\u00a0\u00bb4.27.4&Prime; _module_preset=\u00a0\u00bbdefault\u00a0\u00bb background_enable_color=\u00a0\u00bboff\u00a0\u00bb background_image=\u00a0\u00bbhttps:\/\/www.ira-nantes.gouv.fr\/wp-content\/uploads\/2025\/02\/dia21.png\u00a0\u00bb background_enable_image=\u00a0\u00bbon\u00a0\u00bb background_size=\u00a0\u00bbcontain\u00a0\u00bb background_last_edited=\u00a0\u00bbon|phone\u00a0\u00bb parallax_phone=\u00a0\u00bboff\u00a0\u00bb background_size_phone=\u00a0\u00bbcontain\u00a0\u00bb border_width_all_image=\u00a0\u00bb100px\u00a0\u00bb global_colors_info=\u00a0\u00bb{}\u00a0\u00bb sticky_transition=\u00a0\u00bbon\u00a0\u00bb][\/et_pb_slide][et_pb_slide heading=\u00a0\u00bbvingtdeux\u00a0\u00bb use_bg_overlay=\u00a0\u00bbon\u00a0\u00bb _builder_version=\u00a0\u00bb4.27.4&Prime; _module_preset=\u00a0\u00bbdefault\u00a0\u00bb background_enable_color=\u00a0\u00bboff\u00a0\u00bb background_image=\u00a0\u00bbhttps:\/\/www.ira-nantes.gouv.fr\/wp-content\/uploads\/2025\/02\/dia22.png\u00a0\u00bb background_enable_image=\u00a0\u00bbon\u00a0\u00bb background_size=\u00a0\u00bbcontain\u00a0\u00bb background_last_edited=\u00a0\u00bbon|phone\u00a0\u00bb parallax_phone=\u00a0\u00bboff\u00a0\u00bb background_size_phone=\u00a0\u00bbcontain\u00a0\u00bb border_width_all_image=\u00a0\u00bb100px\u00a0\u00bb global_colors_info=\u00a0\u00bb{}\u00a0\u00bb sticky_transition=\u00a0\u00bbon\u00a0\u00bb][\/et_pb_slide][et_pb_slide heading=\u00a0\u00bbvingttrois\u00a0\u00bb use_bg_overlay=\u00a0\u00bbon\u00a0\u00bb _builder_version=\u00a0\u00bb4.27.4&Prime; _module_preset=\u00a0\u00bbdefault\u00a0\u00bb background_enable_color=\u00a0\u00bboff\u00a0\u00bb background_image=\u00a0\u00bbhttps:\/\/www.ira-nantes.gouv.fr\/wp-content\/uploads\/2025\/02\/dia23.png\u00a0\u00bb background_enable_image=\u00a0\u00bbon\u00a0\u00bb background_size=\u00a0\u00bbcontain\u00a0\u00bb background_last_edited=\u00a0\u00bbon|phone\u00a0\u00bb parallax_phone=\u00a0\u00bboff\u00a0\u00bb background_size_phone=\u00a0\u00bbcontain\u00a0\u00bb border_width_all_image=\u00a0\u00bb100px\u00a0\u00bb global_colors_info=\u00a0\u00bb{}\u00a0\u00bb sticky_transition=\u00a0\u00bbon\u00a0\u00bb][\/et_pb_slide][et_pb_slide heading=\u00a0\u00bbvingtquatre\u00a0\u00bb use_bg_overlay=\u00a0\u00bbon\u00a0\u00bb _builder_version=\u00a0\u00bb4.27.4&Prime; _module_preset=\u00a0\u00bbdefault\u00a0\u00bb background_enable_color=\u00a0\u00bboff\u00a0\u00bb background_image=\u00a0\u00bbhttps:\/\/www.ira-nantes.gouv.fr\/wp-content\/uploads\/2025\/02\/dia24.png\u00a0\u00bb background_enable_image=\u00a0\u00bbon\u00a0\u00bb background_size=\u00a0\u00bbcontain\u00a0\u00bb background_last_edited=\u00a0\u00bbon|phone\u00a0\u00bb parallax_phone=\u00a0\u00bboff\u00a0\u00bb background_size_phone=\u00a0\u00bbcontain\u00a0\u00bb border_width_all_image=\u00a0\u00bb100px\u00a0\u00bb global_colors_info=\u00a0\u00bb{}\u00a0\u00bb sticky_transition=\u00a0\u00bbon\u00a0\u00bb][\/et_pb_slide][\/et_pb_slider][et_pb_image src=\u00a0\u00bbhttps:\/\/www.ira-nantes.gouv.fr\/wp-content\/uploads\/2025\/02\/devenirCadredelEtat.gif\u00a0\u00bb disabled_on=\u00a0\u00bboff|off|on\u00a0\u00bb _builder_version=\u00a0\u00bb4.27.4&Prime; _module_preset=\u00a0\u00bbdefault\u00a0\u00bb global_colors_info=\u00a0\u00bb{}\u00a0\u00bb][\/et_pb_image][et_pb_text _builder_version=\u00a0\u00bb4.27.4&Prime; _module_preset=\u00a0\u00bbdefault\u00a0\u00bb global_colors_info=\u00a0\u00bb{}\u00a0\u00bb]<\/p>\n<p>Les cadres que l\u2019IRA de Nantes recrute par voie de concours et forme sont les attach\u00e9s d\u2019administration de l\u2019Etat : ce sont des cadres polyvalents, \u00e0 vocation interminist\u00e9rielle, qui pourront occuper tout au long de leur carri\u00e8re des postes \u00e0 responsabilit\u00e9s et des m\u00e9tiers tr\u00e8s diff\u00e9rents, dans des domaines aussi vari\u00e9s que la transition \u00e9cologique, les finances, l\u2019\u00e9ducation nationale, la s\u00e9curit\u00e9 publique, la coh\u00e9sion sociale, la justice, ou bien la culture (liste non exhaustive).<\/p>\n<p>Des m\u00e9tiers porteurs de sens, qui contribuent \u00e0 am\u00e9liorer concr\u00e8tement la vie de nos concitoyens.<\/p>\n<p>[\/et_pb_text][et_pb_text _builder_version=\u00a0\u00bb4.27.4&Prime; _module_preset=\u00a0\u00bbdefault\u00a0\u00bb global_colors_info=\u00a0\u00bb{}\u00a0\u00bb]<\/p>\n<h2><strong>Une formation r\u00e9mun\u00e9r\u00e9e en tant qu\u2019\u00e9l\u00e8ve fonctionnaire et un emploi garanti \u00e0 la cl\u00e9<\/strong><strong>\u00a0<\/strong><strong>!<\/strong><\/h2>\n<p>[\/et_pb_text][et_pb_text _builder_version=\u00a0\u00bb4.27.4&Prime; _module_preset=\u00a0\u00bbdefault\u00a0\u00bb global_colors_info=\u00a0\u00bb{}\u00a0\u00bb]<\/p>\n<p>Le recrutement des futurs attach\u00e9s d\u2019administration de l\u2019Etat se fait par voie de concours.<\/p>\n<p><strong>La r\u00e9ussite au concours des IRA est la cl\u00e9 d\u2019entr\u00e9e vers une formation professionnalisante de 8 mois, qui se poursuit ensuite par un parcours professionnel ouvert et diversifi\u00e9 en tant qu\u2019attach\u00e9 d\u2019administration de l\u2019Etat.\u00a0 <\/strong><\/p>\n<p>Les \u00e9l\u00e8ves qui int\u00e8grent l\u2019IRA de Nantes ont d\u2019ores et d\u00e9j\u00e0 le statut d\u2019\u00e9l\u00e8ves fonctionnaires de l\u2019Etat. A ce titre ils sont r\u00e9mun\u00e9r\u00e9s pendant leur formation.<\/p>\n<p>A l\u2019issue des 8 mois de formation r\u00e9mun\u00e9r\u00e9e au sein de l\u2019institut, ils occuperont un premier poste dans le Grand Ouest ou en R\u00e9gion Parisienne et pourront acc\u00e9der ainsi au statut d\u2019attach\u00e9 d\u2019administration de l\u2019Etat. D\u00e8s lors, un parcours professionnel ouvert s\u2019offre \u00e0 eux, avec un grand choix de m\u00e9tiers porteurs de sens.<\/p>\n<p>[\/et_pb_text][et_pb_image src=\u00a0\u00bbhttps:\/\/www.ira-nantes.gouv.fr\/wp-content\/uploads\/2025\/03\/Frise.png\u00a0\u00bb title_text=\u00a0\u00bbFrise\u00a0\u00bb align=\u00a0\u00bbcenter\u00a0\u00bb _builder_version=\u00a0\u00bb4.27.4&Prime; _module_preset=\u00a0\u00bbdefault\u00a0\u00bb hover_enabled=\u00a0\u00bb0&Prime; global_colors_info=\u00a0\u00bb{}\u00a0\u00bb sticky_enabled=\u00a0\u00bb0&Prime;][\/et_pb_image][et_pb_text _builder_version=\u00a0\u00bb4.27.4&Prime; _module_preset=\u00a0\u00bbdefault\u00a0\u00bb global_colors_info=\u00a0\u00bb{}\u00a0\u00bb]<\/p>\n<h2><strong>Un parcours professionnel ouvert et dynamique, sans oublier la s\u00e9curit\u00e9 de l\u2019emploi<\/strong><strong>\u00a0<\/strong><strong>! <\/strong><\/h2>\n<p>[\/et_pb_text][et_pb_text _builder_version=\u00a0\u00bb4.27.4&Prime; _module_preset=\u00a0\u00bbdefault\u00a0\u00bb global_colors_info=\u00a0\u00bb{}\u00a0\u00bb]<\/p>\n<p><strong>Un parcours professionnel ouvert et dynamique, sans oublier la s\u00e9curit\u00e9 de l\u2019emploi<\/strong><strong>\u00a0<\/strong><strong>! <\/strong><\/p>\n<p>[\/et_pb_text][et_pb_text _builder_version=\u00a0\u00bb4.27.4&Prime; _module_preset=\u00a0\u00bbdefault\u00a0\u00bb global_colors_info=\u00a0\u00bb{}\u00a0\u00bb][\/et_pb_text][et_pb_text content_tablet=\u00a0\u00bb<\/p>\n<p><strong>Oubliez vite les clich\u00e9s sur les fonctionnaires qui sont enferm\u00e9s dans une carri\u00e8re pr\u00e9d\u00e9termin\u00e9e et monotone<\/strong><strong> <\/strong><strong>: apr\u00e8s l\u2019IRA de Nantes, un parcours ouvert, diversifi\u00e9 et ascendant s\u2019offre \u00e0 nos jeunes cadres<\/strong><strong> <\/strong><strong>! <\/strong><\/p>\n<p>En tant que cadre interminist\u00e9riel, les attach\u00e9s d\u2019administration de l\u2019Etat peuvent naviguer entre diff\u00e9rentes administrations &#8211; \u00e0 Paris, dans toutes les r\u00e9gions de France, et m\u00eame en outre-mer \u2013 au sein de tous les minist\u00e8res et au service de toutes les politiques publiques : la transition \u00e9cologique, les finances, l\u2019\u00e9ducation nationale, la s\u00e9curit\u00e9 publique, la coh\u00e9sion sociale, la justice, la culture ou l\u2019agriculture.<\/p>\n<p>Ainsi, ils peuvent rapidement acc\u00e9der \u00e0 des m\u00e9tiers aussi diversifi\u00e9s que charg\u00e9 de communication aupr\u00e8s d\u2019un pr\u00e9fet, responsable du logement social dans une direction d\u00e9partementale, secr\u00e9taire g\u00e9n\u00e9ral d\u2019un coll\u00e8ge ou d\u2019un lyc\u00e9e, expert juridique dans un rectorat, acheteur public dans un minist\u00e8re, conseiller de gestion au sein d\u2019un \u00e9tablissement public, chef de projet politique de la ville au sein d\u2019une pr\u00e9fecture, ou d\u00e9l\u00e9gu\u00e9 \u00e0 l\u2019\u00e9galit\u00e9 hommes-femmes dans une administration, etc.<\/p>\n<p>Apr\u00e8s 5 ann\u00e9es pass\u00e9es au sein de la fonction publique d\u2019Etat, sur un ou plusieurs postes, ils peuvent, s\u2019ils le souhaitent, occuper des postes en collectivit\u00e9s territoriales ou dans la fonction publique hospitali\u00e8re, et m\u00eame faire des allers-retours entre public et priv\u00e9. Leur statut d\u2019attach\u00e9 d\u2019administration de l\u2019Etat leur permet de revenir au sein de l\u2019Etat quand ils le d\u00e9cideront.<\/p>\n<p><a href=%22https:\/\/www.ira-nantes.gouv.fr\/index.php\/temoignages\/%22>D\u00e9couvrez les m\u00e9tiers auxquels vous pourrez acc\u00e9der apr\u00e8s l\u2019IRA !<\/a><\/p>\n<p>\u00a0\u00bb content_phone=\u00a0\u00bb<\/p>\n<p><strong>Oubliez vite les clich\u00e9s sur les fonctionnaires qui sont enferm\u00e9s dans une carri\u00e8re pr\u00e9d\u00e9termin\u00e9e et monotone<\/strong><strong> <\/strong><strong>: apr\u00e8s l\u2019IRA de Nantes, un parcours ouvert, diversifi\u00e9 et ascendant s\u2019offre \u00e0 nos jeunes cadres<\/strong><strong> <\/strong><strong>! <\/strong><\/p>\n<p>En tant que cadre interminist\u00e9riel, les attach\u00e9s d\u2019administration de l\u2019Etat peuvent naviguer entre diff\u00e9rentes administrations &#8211; \u00e0 Paris, dans toutes les r\u00e9gions de France, et m\u00eame en outre-mer \u2013 au sein de tous les minist\u00e8res et au service de toutes les politiques publiques : la transition \u00e9cologique, les finances, l\u2019\u00e9ducation nationale, la s\u00e9curit\u00e9 publique, la coh\u00e9sion sociale, la justice, la culture ou l\u2019agriculture.<\/p>\n<p>Ainsi, ils peuvent rapidement acc\u00e9der \u00e0 des m\u00e9tiers aussi diversifi\u00e9s que charg\u00e9 de communication aupr\u00e8s d\u2019un pr\u00e9fet, responsable du logement social dans une direction d\u00e9partementale, secr\u00e9taire g\u00e9n\u00e9ral d\u2019un coll\u00e8ge ou d\u2019un lyc\u00e9e, expert juridique dans un rectorat, acheteur public dans un minist\u00e8re, conseiller de gestion au sein d\u2019un \u00e9tablissement public, chef de projet politique de la ville au sein d\u2019une pr\u00e9fecture, ou d\u00e9l\u00e9gu\u00e9 \u00e0 l\u2019\u00e9galit\u00e9 hommes-femmes dans une administration, etc.<\/p>\n<p>Apr\u00e8s 5 ann\u00e9es pass\u00e9es au sein de la fonction publique d\u2019Etat, sur un ou plusieurs postes, ils peuvent, s\u2019ils le souhaitent, occuper des postes en collectivit\u00e9s territoriales ou dans la fonction publique hospitali\u00e8re, et m\u00eame faire des allers-retours entre public et priv\u00e9. Leur statut d\u2019attach\u00e9 d\u2019administration de l\u2019Etat leur permet de revenir au sein de l\u2019Etat quand ils le d\u00e9cideront.<\/p>\n<p><a href=%22https:\/\/www.ira-nantes.gouv.fr\/index.php\/temoignages\/%22>D\u00e9couvrez les m\u00e9tiers auxquels vous pourrez acc\u00e9der apr\u00e8s l\u2019IRA !<\/a><\/p>\n<p>\u00a0\u00bb content_last_edited=\u00a0\u00bbon|phone\u00a0\u00bb _builder_version=\u00a0\u00bb4.27.4&Prime; _module_preset=\u00a0\u00bbdefault\u00a0\u00bb global_colors_info=\u00a0\u00bb{}\u00a0\u00bb]<\/p>\n<p><strong>Oubliez vite les clich\u00e9s sur les fonctionnaires qui sont enferm\u00e9s dans une carri\u00e8re pr\u00e9d\u00e9termin\u00e9e et monotone<\/strong><strong>\u00a0<\/strong><strong>: apr\u00e8s l\u2019IRA de Nantes, un parcours ouvert, diversifi\u00e9 et ascendant s\u2019offre \u00e0 nos jeunes cadres<\/strong><strong>\u00a0<\/strong><strong>! <\/strong><\/p>\n<p>En tant que cadre interminist\u00e9riel, les attach\u00e9s d\u2019administration de l\u2019Etat peuvent naviguer entre diff\u00e9rentes administrations &#8211; \u00e0 Paris, dans toutes les r\u00e9gions de France, et m\u00eame en outre-mer \u2013 au sein de tous les minist\u00e8res et au service de toutes les politiques publiques\u00a0: la transition \u00e9cologique, les finances, l\u2019\u00e9ducation nationale, la s\u00e9curit\u00e9 publique, la coh\u00e9sion sociale, la justice, la culture ou l\u2019agriculture.<\/p>\n<p>Ainsi, ils peuvent rapidement acc\u00e9der \u00e0 des m\u00e9tiers aussi diversifi\u00e9s que charg\u00e9 de communication aupr\u00e8s d\u2019un pr\u00e9fet, responsable du logement social dans une direction d\u00e9partementale, secr\u00e9taire g\u00e9n\u00e9ral d\u2019un coll\u00e8ge ou d\u2019un lyc\u00e9e, expert juridique dans un rectorat, acheteur public dans un minist\u00e8re, conseiller de gestion au sein d\u2019un \u00e9tablissement public, chef de projet politique de la ville au sein d\u2019une pr\u00e9fecture, ou d\u00e9l\u00e9gu\u00e9 \u00e0 l\u2019\u00e9galit\u00e9 hommes-femmes dans une administration, etc.<\/p>\n<p>Apr\u00e8s 5 ann\u00e9es pass\u00e9es au sein de la fonction publique d\u2019Etat, sur un ou plusieurs postes, ils peuvent, s\u2019ils le souhaitent, occuper des postes en collectivit\u00e9s territoriales ou dans la fonction publique hospitali\u00e8re, et m\u00eame faire des allers-retours entre public et priv\u00e9. Leur statut d\u2019attach\u00e9 d\u2019administration de l\u2019Etat leur permet de revenir au sein de l\u2019Etat quand ils le d\u00e9cideront.<\/p>\n<p><a href=\"https:\/\/www.ira-nantes.gouv.fr\/index.php\/temoignages\/\">D\u00e9couvrez les m\u00e9tiers auxquels vous pourrez acc\u00e9der apr\u00e8s l\u2019IRA\u00a0!<\/a><\/p>\n<p>[\/et_pb_text][et_pb_text _builder_version=\u00a0\u00bb4.27.4&Prime; _module_preset=\u00a0\u00bbdefault\u00a0\u00bb z_index=\u00a0\u00bb0&Prime; global_colors_info=\u00a0\u00bb{}\u00a0\u00bb]<\/p>\n<h2><strong>De belles perspectives de carri\u00e8re<\/strong><strong>\u00a0<\/strong><strong>! <\/strong><\/h2>\n<p>[\/et_pb_text][et_pb_text _builder_version=\u00a0\u00bb4.27.4&Prime; _module_preset=\u00a0\u00bbdefault\u00a0\u00bb global_colors_info=\u00a0\u00bb{}\u00a0\u00bb]<\/p>\n<p>En tant que cadres de l\u2019Etat, les attach\u00e9s d\u2019administration exercent des fonctions \u00e0 responsabilit\u00e9s et ont de belles perspectives d\u2019\u00e9volution vers des postes de cadres sup\u00e9rieurs et dirigeants, tels que directeur des ressources humaines, directeur ou directrice d\u2019une administration, conseiller \u00e0 la Cour des Comptes.<\/p>\n<p>Apr\u00e8s quelques ann\u00e9es d\u2019exp\u00e9rience, ils pourront \u00e9galement acc\u00e9der, par la voie du concours interne ou de la promotion, \u00e0 des responsabilit\u00e9s de hauts fonctionnaires, par exemple sur des postes de sous-pr\u00e9fet puis de pr\u00e9fet.<\/p>\n<p>Faites exploser le plafond de verre : votre talent, vos comp\u00e9tences et votre ambition vous permettront d\u2019atteindre les sommets !<\/p>\n<p>[\/et_pb_text][\/et_pb_column][\/et_pb_row][\/et_pb_section]<\/p>\n","protected":false},"excerpt":{"rendered":"<p>Devenir attach\u00e9 d\u2019administration de l\u2019Etat\u00a0? On vous explique tout\u00a0!Les cadres que l\u2019IRA de Nantes recrute par voie de concours et forme sont les attach\u00e9s d\u2019administration de l\u2019Etat : ce sont des cadres polyvalents, \u00e0 vocation interminist\u00e9rielle, qui pourront occuper tout au long de leur carri\u00e8re des postes \u00e0 responsabilit\u00e9s et des m\u00e9tiers tr\u00e8s diff\u00e9rents, dans [&hellip;]<\/p>\n","protected":false},"author":1,"featured_media":0,"parent":0,"menu_order":0,"comment_status":"closed","ping_status":"closed","template":"","meta":{"_et_pb_use_builder":"on","_et_pb_old_content":"","_et_gb_content_width":"","footnotes":""},"class_list":["post-11219","page","type-page","status-publish","hentry"],"_links":{"self":[{"href":"https:\/\/www.ira-nantes.gouv.fr\/index.php\/wp-json\/wp\/v2\/pages\/11219","targetHints":{"allow":["GET"]}}],"collection":[{"href":"https:\/\/www.ira-nantes.gouv.fr\/index.php\/wp-json\/wp\/v2\/pages"}],"about":[{"href":"https:\/\/www.ira-nantes.gouv.fr\/index.php\/wp-json\/wp\/v2\/types\/page"}],"author":[{"embeddable":true,"href":"https:\/\/www.ira-nantes.gouv.fr\/index.php\/wp-json\/wp\/v2\/users\/1"}],"replies":[{"embeddable":true,"href":"https:\/\/www.ira-nantes.gouv.fr\/index.php\/wp-json\/wp\/v2\/comments?post=11219"}],"version-history":[{"count":55,"href":"https:\/\/www.ira-nantes.gouv.fr\/index.php\/wp-json\/wp\/v2\/pages\/11219\/revisions"}],"predecessor-version":[{"id":11574,"href":"https:\/\/www.ira-nantes.gouv.fr\/index.php\/wp-json\/wp\/v2\/pages\/11219\/revisions\/11574"}],"wp:attachment":[{"href":"https:\/\/www.ira-nantes.gouv.fr\/index.php\/wp-json\/wp\/v2\/media?parent=11219"}],"curies":[{"name":"wp","href":"https:\/\/api.w.org\/{rel}","templated":true}]}}